{"id":1256,"date":"2023-05-11T12:44:41","date_gmt":"2023-05-11T10:44:41","guid":{"rendered":"https:\/\/collectifcommercial.fr\/?page_id=1256"},"modified":"2024-03-11T15:56:43","modified_gmt":"2024-03-11T14:56:43","slug":"contact","status":"publish","type":"page","link":"https:\/\/collectifcommercial.fr\/index.php\/contact\/","title":{"rendered":"Contact"},"content":{"rendered":"\t\t<div data-elementor-type=\"wp-page\" data-elementor-id=\"1256\" class=\"elementor elementor-1256\" data-elementor-post-type=\"page\">\n\t\t\t\t\t\t<section class=\"elementor-section elementor-top-section elementor-element elementor-element-af62642 elementor-section-boxed elementor-section-height-default elementor-section-height-default\" data-id=\"af62642\" data-element_type=\"section\" data-settings=\"{&quot;background_background&quot;:&quot;classic&quot;,&quot;shape_divider_bottom&quot;:&quot;mountains&quot;}\">\n\t\t\t\t\t<div class=\"elementor-shape elementor-shape-bottom\" data-negative=\"false\">\n\t\t\t<svg xmlns=\"http:\/\/www.w3.org\/2000\/svg\" viewBox=\"0 0 1000 100\" preserveAspectRatio=\"none\">\n\t<path class=\"elementor-shape-fill\" opacity=\"0.33\" d=\"M473,67.3c-203.9,88.3-263.1-34-320.3,0C66,119.1,0,59.7,0,59.7V0h1000v59.7 c0,0-62.1,26.1-94.9,29.3c-32.8,3.3-62.8-12.3-75.8-22.1C806,49.6,745.3,8.7,694.9,4.7S492.4,59,473,67.3z\"\/>\n\t<path class=\"elementor-shape-fill\" opacity=\"0.66\" d=\"M734,67.3c-45.5,0-77.2-23.2-129.1-39.1c-28.6-8.7-150.3-10.1-254,39.1 s-91.7-34.4-149.2,0C115.7,118.3,0,39.8,0,39.8V0h1000v36.5c0,0-28.2-18.5-92.1-18.5C810.2,18.1,775.7,67.3,734,67.3z\"\/>\n\t<path class=\"elementor-shape-fill\" d=\"M766.1,28.9c-200-57.5-266,65.5-395.1,19.5C242,1.8,242,5.4,184.8,20.6C128,35.8,132.3,44.9,89.9,52.5C28.6,63.7,0,0,0,0 h1000c0,0-9.9,40.9-83.6,48.1S829.6,47,766.1,28.9z\"\/>\n<\/svg>\t\t<\/div>\n\t\t\t\t\t<div class=\"elementor-container elementor-column-gap-default\">\n\t\t\t\t\t<div class=\"elementor-column elementor-col-50 elementor-top-column elementor-element elementor-element-89a9eb3\" data-id=\"89a9eb3\" data-element_type=\"column\">\n\t\t\t<div class=\"elementor-widget-wrap elementor-element-populated\">\n\t\t\t\t\t\t<div class=\"elementor-element elementor-element-d82bcbd elementor-widget elementor-widget-spacer\" data-id=\"d82bcbd\" data-element_type=\"widget\" data-widget_type=\"spacer.default\">\n\t\t\t\t<div class=\"elementor-widget-container\">\n\t\t\t<style>\/*! elementor - v3.21.0 - 26-05-2024 *\/\n.elementor-column .elementor-spacer-inner{height:var(--spacer-size)}.e-con{--container-widget-width:100%}.e-con-inner>.elementor-widget-spacer,.e-con>.elementor-widget-spacer{width:var(--container-widget-width,var(--spacer-size));--align-self:var(--container-widget-align-self,initial);--flex-shrink:0}.e-con-inner>.elementor-widget-spacer>.elementor-widget-container,.e-con>.elementor-widget-spacer>.elementor-widget-container{height:100%;width:100%}.e-con-inner>.elementor-widget-spacer>.elementor-widget-container>.elementor-spacer,.e-con>.elementor-widget-spacer>.elementor-widget-container>.elementor-spacer{height:100%}.e-con-inner>.elementor-widget-spacer>.elementor-widget-container>.elementor-spacer>.elementor-spacer-inner,.e-con>.elementor-widget-spacer>.elementor-widget-container>.elementor-spacer>.elementor-spacer-inner{height:var(--container-widget-height,var(--spacer-size))}.e-con-inner>.elementor-widget-spacer.elementor-widget-empty,.e-con>.elementor-widget-spacer.elementor-widget-empty{position:relative;min-height:22px;min-width:22px}.e-con-inner>.elementor-widget-spacer.elementor-widget-empty .elementor-widget-empty-icon,.e-con>.elementor-widget-spacer.elementor-widget-empty .elementor-widget-empty-icon{position:absolute;top:0;bottom:0;left:0;right:0;margin:auto;padding:0;width:22px;height:22px}<\/style>\t\t<div class=\"elementor-spacer\">\n\t\t\t<div class=\"elementor-spacer-inner\"><\/div>\n\t\t<\/div>\n\t\t\t\t<\/div>\n\t\t\t\t<\/div>\n\t\t\t\t<div class=\"elementor-element elementor-element-7455e43f elementor-hidden-mobile elementor-widget elementor-widget-google_maps\" data-id=\"7455e43f\" data-element_type=\"widget\" data-widget_type=\"google_maps.default\">\n\t\t\t\t<div class=\"elementor-widget-container\">\n\t\t\t<style>\/*! elementor - v3.21.0 - 26-05-2024 *\/\n.elementor-widget-google_maps .elementor-widget-container{overflow:hidden}.elementor-widget-google_maps .elementor-custom-embed{line-height:0}.elementor-widget-google_maps iframe{height:300px}<\/style>\t\t<div class=\"elementor-custom-embed\">\n\t\t\t<iframe loading=\"lazy\"\n\t\t\t\t\tsrc=\"https:\/\/maps.google.com\/maps?q=2%20RUE%20H%C3%89RACLES%20VILLENEUVE%20D%27ASCQ&#038;t=m&#038;z=13&#038;output=embed&#038;iwloc=near\"\n\t\t\t\t\ttitle=\"2 RUE H\u00c9RACLES VILLENEUVE D&#039;ASCQ\"\n\t\t\t\t\taria-label=\"2 RUE H\u00c9RACLES VILLENEUVE D&#039;ASCQ\"\n\t\t\t><\/iframe>\n\t\t<\/div>\n\t\t\t\t<\/div>\n\t\t\t\t<\/div>\n\t\t\t\t\t<\/div>\n\t\t<\/div>\n\t\t\t\t<div class=\"elementor-column elementor-col-50 elementor-top-column elementor-element elementor-element-6cf643e\" data-id=\"6cf643e\" data-element_type=\"column\">\n\t\t\t<div class=\"elementor-widget-wrap elementor-element-populated\">\n\t\t\t\t\t\t<div class=\"elementor-element elementor-element-5975be3a elementor-widget elementor-widget-heading\" data-id=\"5975be3a\" data-element_type=\"widget\" data-widget_type=\"heading.default\">\n\t\t\t\t<div class=\"elementor-widget-container\">\n\t\t\t<style>\/*! elementor - v3.21.0 - 26-05-2024 *\/\n.elementor-heading-title{padding:0;margin:0;line-height:1}.elementor-widget-heading .elementor-heading-title[class*=elementor-size-]>a{color:inherit;font-size:inherit;line-height:inherit}.elementor-widget-heading .elementor-heading-title.elementor-size-small{font-size:15px}.elementor-widget-heading .elementor-heading-title.elementor-size-medium{font-size:19px}.elementor-widget-heading .elementor-heading-title.elementor-size-large{font-size:29px}.elementor-widget-heading .elementor-heading-title.elementor-size-xl{font-size:39px}.elementor-widget-heading .elementor-heading-title.elementor-size-xxl{font-size:59px}<\/style><h4 class=\"elementor-heading-title elementor-size-default\">Informations de contact<\/h4>\t\t<\/div>\n\t\t\t\t<\/div>\n\t\t\t\t<section class=\"elementor-section elementor-inner-section elementor-element elementor-element-2ba943b elementor-section-boxed elementor-section-height-default elementor-section-height-default\" data-id=\"2ba943b\" data-element_type=\"section\" data-settings=\"{&quot;background_background&quot;:&quot;classic&quot;}\">\n\t\t\t\t\t\t<div class=\"elementor-container elementor-column-gap-default\">\n\t\t\t\t\t<div class=\"elementor-column elementor-col-100 elementor-inner-column elementor-element elementor-element-6d6ae13\" data-id=\"6d6ae13\" data-element_type=\"column\">\n\t\t\t<div class=\"elementor-widget-wrap elementor-element-populated\">\n\t\t\t\t\t\t<div class=\"elementor-element elementor-element-6292f54 elementor-widget elementor-widget-text-editor\" data-id=\"6292f54\" data-element_type=\"widget\" data-widget_type=\"text-editor.default\">\n\t\t\t\t<div class=\"elementor-widget-container\">\n\t\t\t<style>\/*! elementor - v3.21.0 - 26-05-2024 *\/\n.elementor-widget-text-editor.elementor-drop-cap-view-stacked .elementor-drop-cap{background-color:#69727d;color:#fff}.elementor-widget-text-editor.elementor-drop-cap-view-framed .elementor-drop-cap{color:#69727d;border:3px solid;background-color:transparent}.elementor-widget-text-editor:not(.elementor-drop-cap-view-default) .elementor-drop-cap{margin-top:8px}.elementor-widget-text-editor:not(.elementor-drop-cap-view-default) .elementor-drop-cap-letter{width:1em;height:1em}.elementor-widget-text-editor .elementor-drop-cap{float:left;text-align:center;line-height:1;font-size:50px}.elementor-widget-text-editor .elementor-drop-cap-letter{display:inline-block}<\/style>\t\t\t\t<p>Vous \u00eates int\u00e9ress\u00e9 par nos <strong><a href=\"https:\/\/collectifcommercial.fr\/index.php\/nos-services-en-forces-de-vente\/\">offres de services<\/a> <\/strong>? Prenez <strong>contact<\/strong> avec nous d\u00e8s maintenant !<\/p>\t\t\t\t\t\t<\/div>\n\t\t\t\t<\/div>\n\t\t\t\t\t<\/div>\n\t\t<\/div>\n\t\t\t\t\t<\/div>\n\t\t<\/section>\n\t\t\t\t<section class=\"elementor-section elementor-inner-section elementor-element elementor-element-18be9e7 elementor-section-boxed elementor-section-height-default elementor-section-height-default\" data-id=\"18be9e7\" data-element_type=\"section\">\n\t\t\t\t\t\t<div class=\"elementor-container elementor-column-gap-default\">\n\t\t\t\t\t<div class=\"elementor-column elementor-col-50 elementor-inner-column elementor-element elementor-element-701762e\" data-id=\"701762e\" data-element_type=\"column\">\n\t\t\t<div class=\"elementor-widget-wrap elementor-element-populated\">\n\t\t\t\t\t\t<div class=\"elementor-element elementor-element-172b05d5 elementor-widget elementor-widget-heading\" data-id=\"172b05d5\" data-element_type=\"widget\" data-widget_type=\"heading.default\">\n\t\t\t\t<div class=\"elementor-widget-container\">\n\t\t\t<div class=\"elementor-heading-title elementor-size-default\">ADRESSE<\/div>\t\t<\/div>\n\t\t\t\t<\/div>\n\t\t\t\t<div class=\"elementor-element elementor-element-6721527e elementor-widget elementor-widget-text-editor\" data-id=\"6721527e\" data-element_type=\"widget\" data-widget_type=\"text-editor.default\">\n\t\t\t\t<div class=\"elementor-widget-container\">\n\t\t\t\t\t\t\t<p>2 RUE H\u00c9RACLES VILLENEUVE D&rsquo;ASCQ 59491, NEWTON OFFICES<\/p>\t\t\t\t\t\t<\/div>\n\t\t\t\t<\/div>\n\t\t\t\t<div class=\"elementor-element elementor-element-e2e675a elementor-widget elementor-widget-image\" data-id=\"e2e675a\" data-element_type=\"widget\" data-widget_type=\"image.default\">\n\t\t\t\t<div class=\"elementor-widget-container\">\n\t\t\t<style>\/*! elementor - v3.21.0 - 26-05-2024 *\/\n.elementor-widget-image{text-align:center}.elementor-widget-image a{display:inline-block}.elementor-widget-image a img[src$=\".svg\"]{width:48px}.elementor-widget-image img{vertical-align:middle;display:inline-block}<\/style>\t\t\t\t\t\t\t\t\t\t\t<a href=\"https:\/\/www.google.com\/maps\/place\/Newton+Offices+-+Villeneuve+d&#039;Ascq+Haute+Borne+:+Location+de+bureaux,+salles+de+r%C3%A9union+et+coworking\/@50.6045789,3.1589093,15z\/data=!4m2!3m1!1s0x0:0xf42cfff70925b738?sa=X&#038;ved=2ahUKEwiWic2vjKeAAxUxUKQEHXbqD5IQ_BJ6BAhEEAA&#038;ved=2ahUKEwiWic2vjKeAAxUxUKQEHXbqD5IQ_BJ6BAhfEAg\" target=\"_blank\">\n\t\t\t\t\t\t\t<img fetchpriority=\"high\" decoding=\"async\" width=\"1024\" height=\"364\" src=\"https:\/\/collectifcommercial.fr\/wp-content\/uploads\/2023\/07\/Capture-decran-2023-07-20-a-13.49.33-1024x364.png\" class=\"attachment-large size-large wp-image-3494\" alt=\"Locaux de Newton Offices o\u00f9 est install\u00e9 Services Avenue et le Collectif Commercial. Des RDV peuvent avoir lieux l\u00e0 bas en cas de contact\" srcset=\"https:\/\/collectifcommercial.fr\/wp-content\/uploads\/2023\/07\/Capture-decran-2023-07-20-a-13.49.33-1024x364.png 1024w, https:\/\/collectifcommercial.fr\/wp-content\/uploads\/2023\/07\/Capture-decran-2023-07-20-a-13.49.33-300x107.png 300w, https:\/\/collectifcommercial.fr\/wp-content\/uploads\/2023\/07\/Capture-decran-2023-07-20-a-13.49.33-768x273.png 768w, https:\/\/collectifcommercial.fr\/wp-content\/uploads\/2023\/07\/Capture-decran-2023-07-20-a-13.49.33-1536x545.png 1536w, https:\/\/collectifcommercial.fr\/wp-content\/uploads\/2023\/07\/Capture-decran-2023-07-20-a-13.49.33-2048x727.png 2048w\" sizes=\"(max-width: 1024px) 100vw, 1024px\" \/>\t\t\t\t\t\t\t\t<\/a>\n\t\t\t\t\t\t\t\t\t\t\t\t\t<\/div>\n\t\t\t\t<\/div>\n\t\t\t\t\t<\/div>\n\t\t<\/div>\n\t\t\t\t<div class=\"elementor-column elementor-col-50 elementor-inner-column elementor-element elementor-element-97320dc\" data-id=\"97320dc\" data-element_type=\"column\">\n\t\t\t<div class=\"elementor-widget-wrap elementor-element-populated\">\n\t\t\t\t\t\t<div class=\"elementor-element elementor-element-7e1d720d elementor-widget elementor-widget-heading\" data-id=\"7e1d720d\" data-element_type=\"widget\" data-widget_type=\"heading.default\">\n\t\t\t\t<div class=\"elementor-widget-container\">\n\t\t\t<div class=\"elementor-heading-title elementor-size-default\">prendre contact<\/div>\t\t<\/div>\n\t\t\t\t<\/div>\n\t\t\t\t<div class=\"elementor-element elementor-element-a16c380 elementor-widget elementor-widget-heading\" data-id=\"a16c380\" data-element_type=\"widget\" data-widget_type=\"heading.default\">\n\t\t\t\t<div class=\"elementor-widget-container\">\n\t\t\t<h2 class=\"elementor-heading-title elementor-size-default\">T\u00e9l : 03.62.81.81.81<\/h2>\t\t<\/div>\n\t\t\t\t<\/div>\n\t\t\t\t<div class=\"elementor-element elementor-element-1a32af61 elementor-widget elementor-widget-text-editor\" data-id=\"1a32af61\" data-element_type=\"widget\" data-widget_type=\"text-editor.default\">\n\t\t\t\t<div class=\"elementor-widget-container\">\n\t\t\t\t\t\t\t<p>EMAIL : CONTACT@COLLECTIFCOMMERCIAL.FR<\/p>\t\t\t\t\t\t<\/div>\n\t\t\t\t<\/div>\n\t\t\t\t<div class=\"elementor-element elementor-element-0357258 elementor-mobile-align-center elementor-widget elementor-widget-button\" data-id=\"0357258\" data-element_type=\"widget\" data-widget_type=\"button.default\">\n\t\t\t\t<div class=\"elementor-widget-container\">\n\t\t\t\t\t<div class=\"elementor-button-wrapper\">\n\t\t\t<a class=\"elementor-button elementor-button-link elementor-size-sm\" href=\"https:\/\/collectifcommercial.fr\/index.php\/questionnaire-de-contact\/\">\n\t\t\t\t\t\t<span class=\"elementor-button-content-wrapper\">\n\t\t\t\t\t\t\t\t\t<span class=\"elementor-button-text\">Nous contacter<\/span>\n\t\t\t\t\t<\/span>\n\t\t\t\t\t<\/a>\n\t\t<\/div>\n\t\t\t\t<\/div>\n\t\t\t\t<\/div>\n\t\t\t\t\t<\/div>\n\t\t<\/div>\n\t\t\t\t\t<\/div>\n\t\t<\/section>\n\t\t\t\t<section class=\"elementor-section elementor-inner-section elementor-element elementor-element-d7c3961 elementor-section-boxed elementor-section-height-default elementor-section-height-default\" data-id=\"d7c3961\" data-element_type=\"section\">\n\t\t\t\t\t\t<div class=\"elementor-container elementor-column-gap-default\">\n\t\t\t\t\t<div class=\"elementor-column elementor-col-100 elementor-inner-column elementor-element elementor-element-d6b78ba\" data-id=\"d6b78ba\" data-element_type=\"column\">\n\t\t\t<div class=\"elementor-widget-wrap elementor-element-populated\">\n\t\t\t\t\t\t<div class=\"elementor-element elementor-element-5220395f elementor-widget elementor-widget-heading\" data-id=\"5220395f\" data-element_type=\"widget\" data-widget_type=\"heading.default\">\n\t\t\t\t<div class=\"elementor-widget-container\">\n\t\t\t<div class=\"elementor-heading-title elementor-size-default\">HORAIRES D'OUVERTURES<\/div>\t\t<\/div>\n\t\t\t\t<\/div>\n\t\t\t\t<div class=\"elementor-element elementor-element-5cf3c1f0 elementor-widget elementor-widget-text-editor\" data-id=\"5cf3c1f0\" data-element_type=\"widget\" data-widget_type=\"text-editor.default\">\n\t\t\t\t<div class=\"elementor-widget-container\">\n\t\t\t\t\t\t\t<p>LUN &#8211; VENDREDI 09:00 &#8211; 19:00<\/p>\t\t\t\t\t\t<\/div>\n\t\t\t\t<\/div>\n\t\t\t\t\t<\/div>\n\t\t<\/div>\n\t\t\t\t\t<\/div>\n\t\t<\/section>\n\t\t\t\t\t<\/div>\n\t\t<\/div>\n\t\t\t\t\t<\/div>\n\t\t<\/section>\n\t\t\t\t<\/div>\n\t\t","protected":false},"excerpt":{"rendered":"<p>Informations de contact Vous \u00eates int\u00e9ress\u00e9 par nos offres de services ? Prenez contact avec nous d\u00e8s maintenant ! ADRESSE 2 RUE H\u00c9RACLES VILLENEUVE D&rsquo;ASCQ 59491, NEWTON OFFICES prendre contact T\u00e9l : 03.62.81.81.81 EMAIL : CONTACT@COLLECTIFCOMMERCIAL.FR Nous contacter HORAIRES D&rsquo;OUVERTURES LUN &#8211; VENDREDI 09:00 &#8211; 19:00<\/p>\n","protected":false},"author":1,"featured_media":0,"parent":0,"menu_order":0,"comment_status":"closed","ping_status":"closed","template":"","meta":{"_kadence_starter_templates_imported_post":false,"_kad_post_transparent":"","_kad_post_title":"hide","_kad_post_layout":"fullwidth","_kad_post_sidebar_id":"","_kad_post_content_style":"unboxed","_kad_post_vertical_padding":"hide","_kad_post_feature":"hide","_kad_post_feature_position":"","_kad_post_header":false,"_kad_post_footer":false,"footnotes":""},"class_list":["post-1256","page","type-page","status-publish","hentry"],"yoast_head":"<!-- This site is optimized with the Yoast SEO plugin v22.8 - https:\/\/yoast.com\/wordpress\/plugins\/seo\/ -->\n<title>Contact - Collectif Commercial<\/title>\n<meta name=\"description\" content=\"Prenez contact d\u00e8s maintenant pour discuter de vos besoins commerciaux. Notre \u00e9quipe est pr\u00eate \u00e0 vous aider \u00e0 d\u00e9velopper votre activit\u00e9.\" \/>\n<meta name=\"robots\" content=\"index, follow, max-snippet:-1, max-image-preview:large, max-video-preview:-1\" \/>\n<link rel=\"canonical\" href=\"https:\/\/collectifcommercial.fr\/index.php\/contact\/\" \/>\n<meta property=\"og:locale\" content=\"fr_FR\" \/>\n<meta property=\"og:type\" content=\"article\" \/>\n<meta property=\"og:title\" content=\"Contact - Collectif Commercial\" \/>\n<meta property=\"og:description\" content=\"Prenez contact d\u00e8s maintenant pour discuter de vos besoins commerciaux. Notre \u00e9quipe est pr\u00eate \u00e0 vous aider \u00e0 d\u00e9velopper votre activit\u00e9.\" \/>\n<meta property=\"og:url\" content=\"https:\/\/collectifcommercial.fr\/index.php\/contact\/\" \/>\n<meta property=\"og:site_name\" content=\"Collectif Commercial\" \/>\n<meta property=\"article:modified_time\" content=\"2024-03-11T14:56:43+00:00\" \/>\n<meta property=\"og:image\" content=\"https:\/\/collectifcommercial.fr\/wp-content\/uploads\/2023\/07\/Capture-decran-2023-07-20-a-13.49.33-1024x364.png\" \/>\n<meta name=\"twitter:card\" content=\"summary_large_image\" \/>\n<meta name=\"twitter:label1\" content=\"Dur\u00e9e de lecture estim\u00e9e\" \/>\n\t<meta name=\"twitter:data1\" content=\"1 minute\" \/>\n<script type=\"application\/ld+json\" class=\"yoast-schema-graph\">{\"@context\":\"https:\/\/schema.org\",\"@graph\":[{\"@type\":\"WebPage\",\"@id\":\"https:\/\/collectifcommercial.fr\/index.php\/contact\/\",\"url\":\"https:\/\/collectifcommercial.fr\/index.php\/contact\/\",\"name\":\"Contact - Collectif Commercial\",\"isPartOf\":{\"@id\":\"https:\/\/collectifcommercial.fr\/#website\"},\"primaryImageOfPage\":{\"@id\":\"https:\/\/collectifcommercial.fr\/index.php\/contact\/#primaryimage\"},\"image\":{\"@id\":\"https:\/\/collectifcommercial.fr\/index.php\/contact\/#primaryimage\"},\"thumbnailUrl\":\"https:\/\/collectifcommercial.fr\/wp-content\/uploads\/2023\/07\/Capture-decran-2023-07-20-a-13.49.33-1024x364.png\",\"datePublished\":\"2023-05-11T10:44:41+00:00\",\"dateModified\":\"2024-03-11T14:56:43+00:00\",\"description\":\"Prenez contact d\u00e8s maintenant pour discuter de vos besoins commerciaux. Notre \u00e9quipe est pr\u00eate \u00e0 vous aider \u00e0 d\u00e9velopper votre activit\u00e9.\",\"breadcrumb\":{\"@id\":\"https:\/\/collectifcommercial.fr\/index.php\/contact\/#breadcrumb\"},\"inLanguage\":\"fr-FR\",\"potentialAction\":[{\"@type\":\"ReadAction\",\"target\":[\"https:\/\/collectifcommercial.fr\/index.php\/contact\/\"]}]},{\"@type\":\"ImageObject\",\"inLanguage\":\"fr-FR\",\"@id\":\"https:\/\/collectifcommercial.fr\/index.php\/contact\/#primaryimage\",\"url\":\"https:\/\/collectifcommercial.fr\/wp-content\/uploads\/2023\/07\/Capture-decran-2023-07-20-a-13.49.33.png\",\"contentUrl\":\"https:\/\/collectifcommercial.fr\/wp-content\/uploads\/2023\/07\/Capture-decran-2023-07-20-a-13.49.33.png\",\"width\":2084,\"height\":740,\"caption\":\"Locaux de Newton Offices o\u00f9 est install\u00e9 Services Avenue et le Collectif Commercial. Des RDV peuvent avoir lieux l\u00e0 bas en cas de contact\"},{\"@type\":\"BreadcrumbList\",\"@id\":\"https:\/\/collectifcommercial.fr\/index.php\/contact\/#breadcrumb\",\"itemListElement\":[{\"@type\":\"ListItem\",\"position\":1,\"name\":\"Accueil\",\"item\":\"https:\/\/collectifcommercial.fr\/\"},{\"@type\":\"ListItem\",\"position\":2,\"name\":\"Contact\"}]},{\"@type\":\"WebSite\",\"@id\":\"https:\/\/collectifcommercial.fr\/#website\",\"url\":\"https:\/\/collectifcommercial.fr\/\",\"name\":\"Collectif Commercial\",\"description\":\"Ensemble vers l&#039;Excellence !\",\"publisher\":{\"@id\":\"https:\/\/collectifcommercial.fr\/#organization\"},\"potentialAction\":[{\"@type\":\"SearchAction\",\"target\":{\"@type\":\"EntryPoint\",\"urlTemplate\":\"https:\/\/collectifcommercial.fr\/?s={search_term_string}\"},\"query-input\":\"required name=search_term_string\"}],\"inLanguage\":\"fr-FR\"},{\"@type\":\"Organization\",\"@id\":\"https:\/\/collectifcommercial.fr\/#organization\",\"name\":\"Collectif Commercial\",\"url\":\"https:\/\/collectifcommercial.fr\/\",\"logo\":{\"@type\":\"ImageObject\",\"inLanguage\":\"fr-FR\",\"@id\":\"https:\/\/collectifcommercial.fr\/#\/schema\/logo\/image\/\",\"url\":\"https:\/\/collectifcommercial.fr\/wp-content\/uploads\/2023\/05\/logo-collectif-commercial-1.png\",\"contentUrl\":\"https:\/\/collectifcommercial.fr\/wp-content\/uploads\/2023\/05\/logo-collectif-commercial-1.png\",\"width\":800,\"height\":800,\"caption\":\"Collectif Commercial\"},\"image\":{\"@id\":\"https:\/\/collectifcommercial.fr\/#\/schema\/logo\/image\/\"}}]}<\/script>\n<!-- \/ Yoast SEO plugin. -->","yoast_head_json":{"title":"Contact - Collectif Commercial","description":"Prenez contact d\u00e8s maintenant pour discuter de vos besoins commerciaux. Notre \u00e9quipe est pr\u00eate \u00e0 vous aider \u00e0 d\u00e9velopper votre activit\u00e9.","robots":{"index":"index","follow":"follow","max-snippet":"max-snippet:-1","max-image-preview":"max-image-preview:large","max-video-preview":"max-video-preview:-1"},"canonical":"https:\/\/collectifcommercial.fr\/index.php\/contact\/","og_locale":"fr_FR","og_type":"article","og_title":"Contact - Collectif Commercial","og_description":"Prenez contact d\u00e8s maintenant pour discuter de vos besoins commerciaux. Notre \u00e9quipe est pr\u00eate \u00e0 vous aider \u00e0 d\u00e9velopper votre activit\u00e9.","og_url":"https:\/\/collectifcommercial.fr\/index.php\/contact\/","og_site_name":"Collectif Commercial","article_modified_time":"2024-03-11T14:56:43+00:00","og_image":[{"url":"https:\/\/collectifcommercial.fr\/wp-content\/uploads\/2023\/07\/Capture-decran-2023-07-20-a-13.49.33-1024x364.png"}],"twitter_card":"summary_large_image","twitter_misc":{"Dur\u00e9e de lecture estim\u00e9e":"1 minute"},"schema":{"@context":"https:\/\/schema.org","@graph":[{"@type":"WebPage","@id":"https:\/\/collectifcommercial.fr\/index.php\/contact\/","url":"https:\/\/collectifcommercial.fr\/index.php\/contact\/","name":"Contact - Collectif Commercial","isPartOf":{"@id":"https:\/\/collectifcommercial.fr\/#website"},"primaryImageOfPage":{"@id":"https:\/\/collectifcommercial.fr\/index.php\/contact\/#primaryimage"},"image":{"@id":"https:\/\/collectifcommercial.fr\/index.php\/contact\/#primaryimage"},"thumbnailUrl":"https:\/\/collectifcommercial.fr\/wp-content\/uploads\/2023\/07\/Capture-decran-2023-07-20-a-13.49.33-1024x364.png","datePublished":"2023-05-11T10:44:41+00:00","dateModified":"2024-03-11T14:56:43+00:00","description":"Prenez contact d\u00e8s maintenant pour discuter de vos besoins commerciaux. Notre \u00e9quipe est pr\u00eate \u00e0 vous aider \u00e0 d\u00e9velopper votre activit\u00e9.","breadcrumb":{"@id":"https:\/\/collectifcommercial.fr\/index.php\/contact\/#breadcrumb"},"inLanguage":"fr-FR","potentialAction":[{"@type":"ReadAction","target":["https:\/\/collectifcommercial.fr\/index.php\/contact\/"]}]},{"@type":"ImageObject","inLanguage":"fr-FR","@id":"https:\/\/collectifcommercial.fr\/index.php\/contact\/#primaryimage","url":"https:\/\/collectifcommercial.fr\/wp-content\/uploads\/2023\/07\/Capture-decran-2023-07-20-a-13.49.33.png","contentUrl":"https:\/\/collectifcommercial.fr\/wp-content\/uploads\/2023\/07\/Capture-decran-2023-07-20-a-13.49.33.png","width":2084,"height":740,"caption":"Locaux de Newton Offices o\u00f9 est install\u00e9 Services Avenue et le Collectif Commercial. Des RDV peuvent avoir lieux l\u00e0 bas en cas de contact"},{"@type":"BreadcrumbList","@id":"https:\/\/collectifcommercial.fr\/index.php\/contact\/#breadcrumb","itemListElement":[{"@type":"ListItem","position":1,"name":"Accueil","item":"https:\/\/collectifcommercial.fr\/"},{"@type":"ListItem","position":2,"name":"Contact"}]},{"@type":"WebSite","@id":"https:\/\/collectifcommercial.fr\/#website","url":"https:\/\/collectifcommercial.fr\/","name":"Collectif Commercial","description":"Ensemble vers l&#039;Excellence !","publisher":{"@id":"https:\/\/collectifcommercial.fr\/#organization"},"potentialAction":[{"@type":"SearchAction","target":{"@type":"EntryPoint","urlTemplate":"https:\/\/collectifcommercial.fr\/?s={search_term_string}"},"query-input":"required name=search_term_string"}],"inLanguage":"fr-FR"},{"@type":"Organization","@id":"https:\/\/collectifcommercial.fr\/#organization","name":"Collectif Commercial","url":"https:\/\/collectifcommercial.fr\/","logo":{"@type":"ImageObject","inLanguage":"fr-FR","@id":"https:\/\/collectifcommercial.fr\/#\/schema\/logo\/image\/","url":"https:\/\/collectifcommercial.fr\/wp-content\/uploads\/2023\/05\/logo-collectif-commercial-1.png","contentUrl":"https:\/\/collectifcommercial.fr\/wp-content\/uploads\/2023\/05\/logo-collectif-commercial-1.png","width":800,"height":800,"caption":"Collectif Commercial"},"image":{"@id":"https:\/\/collectifcommercial.fr\/#\/schema\/logo\/image\/"}}]}},"_links":{"self":[{"href":"https:\/\/collectifcommercial.fr\/index.php\/wp-json\/wp\/v2\/pages\/1256","targetHints":{"allow":["GET"]}}],"collection":[{"href":"https:\/\/collectifcommercial.fr\/index.php\/wp-json\/wp\/v2\/pages"}],"about":[{"href":"https:\/\/collectifcommercial.fr\/index.php\/wp-json\/wp\/v2\/types\/page"}],"author":[{"embeddable":true,"href":"https:\/\/collectifcommercial.fr\/index.php\/wp-json\/wp\/v2\/users\/1"}],"replies":[{"embeddable":true,"href":"https:\/\/collectifcommercial.fr\/index.php\/wp-json\/wp\/v2\/comments?post=1256"}],"version-history":[{"count":261,"href":"https:\/\/collectifcommercial.fr\/index.php\/wp-json\/wp\/v2\/pages\/1256\/revisions"}],"predecessor-version":[{"id":4361,"href":"https:\/\/collectifcommercial.fr\/index.php\/wp-json\/wp\/v2\/pages\/1256\/revisions\/4361"}],"wp:attachment":[{"href":"https:\/\/collectifcommercial.fr\/index.php\/wp-json\/wp\/v2\/media?parent=1256"}],"curies":[{"name":"wp","href":"https:\/\/api.w.org\/{rel}","templated":true}]}}